{"id":2022,"date":"2023-07-19T12:25:26","date_gmt":"2023-07-19T12:25:26","guid":{"rendered":"https:\/\/www.triathlonlangognenaussac.fr\/?page_id=2022"},"modified":"2023-07-19T12:25:26","modified_gmt":"2023-07-19T12:25:26","slug":"resultats-2023","status":"publish","type":"page","link":"https:\/\/www.triathlonlangognenaussac.fr\/?page_id=2022","title":{"rendered":"R\u00e9sultats 2023"},"content":{"rendered":"\n<p>Voil\u00e0 apr\u00e8s quelques jours de r\u00e9cup\u00e9ration et l&rsquo;arriv\u00e9e d&rsquo;un tout petit nouveau membre de l&rsquo;association, vous trouverez ci-joint les r\u00e9sultats de cette nouvelle \u00e9dition. <\/p>\n\n\n\n<p>Nous vous remercions encore pour votre participation et esp\u00e9rons vous retrouver encore plus nombreuses et nombreux d\u00e8s l&rsquo;ann\u00e9e prochain. <\/p>\n\n\n\n<p>Merci \u00e0 nos arbitres, \u00e0 nos b\u00e9n\u00e9voles et tous nos partenaires <\/p>\n\n\n\n<p><a href=\"https:\/\/www.facebook.com\/valerie.langogne.tourisme?__cft__[0]=AZV1lkqeYkg5I9ebGaP_nIxzVDcynNyLfag8afnQTdo5Lf5DXlxr4DSc1PAokgtLFlAdbKHzpbebW5ho2jo20gqRstUo_dgASVy7N0xD6skJI3Cpw8GTp1Rs2AAsz6TGtxeZQVxQp56OUBdaW4YnxlBY2wGhWAI8Er5DajuaFPmhnvRNAww8JurKwVm5DX-69Tc&amp;__tn__=-]K-R\">Val\u00e9rie Langogne Tourisme<\/a> <a href=\"https:\/\/www.facebook.com\/latabledulacnaussac?__cft__[0]=AZV1lkqeYkg5I9ebGaP_nIxzVDcynNyLfag8afnQTdo5Lf5DXlxr4DSc1PAokgtLFlAdbKHzpbebW5ho2jo20gqRstUo_dgASVy7N0xD6skJI3Cpw8GTp1Rs2AAsz6TGtxeZQVxQp56OUBdaW4YnxlBY2wGhWAI8Er5DajuaFPmhnvRNAww8JurKwVm5DX-69Tc&amp;__tn__=-]K-R\">La Table du Lac<\/a> <a href=\"https:\/\/www.facebook.com\/IntermarcheLangogne\/?__cft__[0]=AZV1lkqeYkg5I9ebGaP_nIxzVDcynNyLfag8afnQTdo5Lf5DXlxr4DSc1PAokgtLFlAdbKHzpbebW5ho2jo20gqRstUo_dgASVy7N0xD6skJI3Cpw8GTp1Rs2AAsz6TGtxeZQVxQp56OUBdaW4YnxlBY2wGhWAI8Er5DajuaFPmhnvRNAww8JurKwVm5DX-69Tc&amp;__tn__=kK-R\">Intermarch\u00e9 Langogne<\/a> <a href=\"https:\/\/www.facebook.com\/LesTerrassesDuLac?__cft__[0]=AZV1lkqeYkg5I9ebGaP_nIxzVDcynNyLfag8afnQTdo5Lf5DXlxr4DSc1PAokgtLFlAdbKHzpbebW5ho2jo20gqRstUo_dgASVy7N0xD6skJI3Cpw8GTp1Rs2AAsz6TGtxeZQVxQp56OUBdaW4YnxlBY2wGhWAI8Er5DajuaFPmhnvRNAww8JurKwVm5DX-69Tc&amp;__tn__=-]K-R\">Les Terrasses du Lac<\/a> <a href=\"https:\/\/www.facebook.com\/triathlonoccitanie?__cft__[0]=AZV1lkqeYkg5I9ebGaP_nIxzVDcynNyLfag8afnQTdo5Lf5DXlxr4DSc1PAokgtLFlAdbKHzpbebW5ho2jo20gqRstUo_dgASVy7N0xD6skJI3Cpw8GTp1Rs2AAsz6TGtxeZQVxQp56OUBdaW4YnxlBY2wGhWAI8Er5DajuaFPmhnvRNAww8JurKwVm5DX-69Tc&amp;__tn__=-]K-R\">Ligue R\u00e9gionale de Triathlon Occitanie<\/a> <a href=\"https:\/\/www.facebook.com\/Naussac-Fontanes-158511211169139\/?__cft__[0]=AZV1lkqeYkg5I9ebGaP_nIxzVDcynNyLfag8afnQTdo5Lf5DXlxr4DSc1PAokgtLFlAdbKHzpbebW5ho2jo20gqRstUo_dgASVy7N0xD6skJI3Cpw8GTp1Rs2AAsz6TGtxeZQVxQp56OUBdaW4YnxlBY2wGhWAI8Er5DajuaFPmhnvRNAww8JurKwVm5DX-69Tc&amp;__tn__=kK-R\">Naussac-Fontanes<\/a> <a href=\"https:\/\/www.facebook.com\/profile.php?id=100088340845482&amp;__cft__[0]=AZV1lkqeYkg5I9ebGaP_nIxzVDcynNyLfag8afnQTdo5Lf5DXlxr4DSc1PAokgtLFlAdbKHzpbebW5ho2jo20gqRstUo_dgASVy7N0xD6skJI3Cpw8GTp1Rs2AAsz6TGtxeZQVxQp56OUBdaW4YnxlBY2wGhWAI8Er5DajuaFPmhnvRNAww8JurKwVm5DX-69Tc&amp;__tn__=-]K-R\">Carrefour Contact Langogne &#8211; Pont d&rsquo;Allier<\/a> <a href=\"https:\/\/www.facebook.com\/LhermetMenuiserie?__cft__[0]=AZV1lkqeYkg5I9ebGaP_nIxzVDcynNyLfag8afnQTdo5Lf5DXlxr4DSc1PAokgtLFlAdbKHzpbebW5ho2jo20gqRstUo_dgASVy7N0xD6skJI3Cpw8GTp1Rs2AAsz6TGtxeZQVxQp56OUBdaW4YnxlBY2wGhWAI8Er5DajuaFPmhnvRNAww8JurKwVm5DX-69Tc&amp;__tn__=-]K-R\">Lhermet Menuiserie<\/a> <a href=\"https:\/\/www.facebook.com\/dubois.chaussures?__cft__[0]=AZV1lkqeYkg5I9ebGaP_nIxzVDcynNyLfag8afnQTdo5Lf5DXlxr4DSc1PAokgtLFlAdbKHzpbebW5ho2jo20gqRstUo_dgASVy7N0xD6skJI3Cpw8GTp1Rs2AAsz6TGtxeZQVxQp56OUBdaW4YnxlBY2wGhWAI8Er5DajuaFPmhnvRNAww8JurKwVm5DX-69Tc&amp;__tn__=-]K-R\">Dubois Chaussures<\/a> <a href=\"https:\/\/www.facebook.com\/SAS.Serge.Gaillard?__cft__[0]=AZV1lkqeYkg5I9ebGaP_nIxzVDcynNyLfag8afnQTdo5Lf5DXlxr4DSc1PAokgtLFlAdbKHzpbebW5ho2jo20gqRstUo_dgASVy7N0xD6skJI3Cpw8GTp1Rs2AAsz6TGtxeZQVxQp56OUBdaW4YnxlBY2wGhWAI8Er5DajuaFPmhnvRNAww8JurKwVm5DX-69Tc&amp;__tn__=-]K-R\">SAS Serge Gaillard<\/a> <a href=\"https:\/\/www.facebook.com\/profile.php?id=100013870390198&amp;__cft__[0]=AZV1lkqeYkg5I9ebGaP_nIxzVDcynNyLfag8afnQTdo5Lf5DXlxr4DSc1PAokgtLFlAdbKHzpbebW5ho2jo20gqRstUo_dgASVy7N0xD6skJI3Cpw8GTp1Rs2AAsz6TGtxeZQVxQp56OUBdaW4YnxlBY2wGhWAI8Er5DajuaFPmhnvRNAww8JurKwVm5DX-69Tc&amp;__tn__=-]K-R\">Pierre Laurent Axa Langogne<\/a> <a href=\"https:\/\/www.facebook.com\/profile.php?id=100075783743934&amp;__cft__[0]=AZV1lkqeYkg5I9ebGaP_nIxzVDcynNyLfag8afnQTdo5Lf5DXlxr4DSc1PAokgtLFlAdbKHzpbebW5ho2jo20gqRstUo_dgASVy7N0xD6skJI3Cpw8GTp1Rs2AAsz6TGtxeZQVxQp56OUBdaW4YnxlBY2wGhWAI8Er5DajuaFPmhnvRNAww8JurKwVm5DX-69Tc&amp;__tn__=-]K-R\">Fromagerie Maison Porlan<\/a> @Maison Laget, <a href=\"https:\/\/www.facebook.com\/INTERSPORTMende\/?__cft__[0]=AZV1lkqeYkg5I9ebGaP_nIxzVDcynNyLfag8afnQTdo5Lf5DXlxr4DSc1PAokgtLFlAdbKHzpbebW5ho2jo20gqRstUo_dgASVy7N0xD6skJI3Cpw8GTp1Rs2AAsz6TGtxeZQVxQp56OUBdaW4YnxlBY2wGhWAI8Er5DajuaFPmhnvRNAww8JurKwVm5DX-69Tc&amp;__tn__=kK-R\">INTERSPORT Mende<\/a> , <a href=\"https:\/\/www.facebook.com\/rondindesbois.lozere?__cft__[0]=AZV1lkqeYkg5I9ebGaP_nIxzVDcynNyLfag8afnQTdo5Lf5DXlxr4DSc1PAokgtLFlAdbKHzpbebW5ho2jo20gqRstUo_dgASVy7N0xD6skJI3Cpw8GTp1Rs2AAsz6TGtxeZQVxQp56OUBdaW4YnxlBY2wGhWAI8Er5DajuaFPmhnvRNAww8JurKwVm5DX-69Tc&amp;__tn__=-]K-R\">Rondin Parc<\/a> <a href=\"https:\/\/www.facebook.com\/mondovelomende?__cft__[0]=AZV1lkqeYkg5I9ebGaP_nIxzVDcynNyLfag8afnQTdo5Lf5DXlxr4DSc1PAokgtLFlAdbKHzpbebW5ho2jo20gqRstUo_dgASVy7N0xD6skJI3Cpw8GTp1Rs2AAsz6TGtxeZQVxQp56OUBdaW4YnxlBY2wGhWAI8Er5DajuaFPmhnvRNAww8JurKwVm5DX-69Tc&amp;__tn__=-]K-R\">Mondov\u00e9lo Mende<\/a> Myl\u00e8ne Viala <a href=\"https:\/\/www.facebook.com\/CoteJardinLangogne?__cft__[0]=AZV1lkqeYkg5I9ebGaP_nIxzVDcynNyLfag8afnQTdo5Lf5DXlxr4DSc1PAokgtLFlAdbKHzpbebW5ho2jo20gqRstUo_dgASVy7N0xD6skJI3Cpw8GTp1Rs2AAsz6TGtxeZQVxQp56OUBdaW4YnxlBY2wGhWAI8Er5DajuaFPmhnvRNAww8JurKwVm5DX-69Tc&amp;__tn__=-]K-R\">C\u00f4t\u00e9 Jardin<\/a> <a href=\"https:\/\/www.facebook.com\/planete.deuxrouesmende?__cft__[0]=AZV1lkqeYkg5I9ebGaP_nIxzVDcynNyLfag8afnQTdo5Lf5DXlxr4DSc1PAokgtLFlAdbKHzpbebW5ho2jo20gqRstUo_dgASVy7N0xD6skJI3Cpw8GTp1Rs2AAsz6TGtxeZQVxQp56OUBdaW4YnxlBY2wGhWAI8Er5DajuaFPmhnvRNAww8JurKwVm5DX-69Tc&amp;__tn__=-]K-R\">Planete 2 Roues Mende<\/a> @LangogneOptique <a href=\"https:\/\/www.facebook.com\/profile.php?id=100036848185862&amp;__cft__[0]=AZV1lkqeYkg5I9ebGaP_nIxzVDcynNyLfag8afnQTdo5Lf5DXlxr4DSc1PAokgtLFlAdbKHzpbebW5ho2jo20gqRstUo_dgASVy7N0xD6skJI3Cpw8GTp1Rs2AAsz6TGtxeZQVxQp56OUBdaW4YnxlBY2wGhWAI8Er5DajuaFPmhnvRNAww8JurKwVm5DX-69Tc&amp;__tn__=-]K-R\">Sur Le Pouce \/ Boucherie Mialhe<\/a> <a href=\"https:\/\/www.facebook.com\/profile.php?id=100057342134106&amp;__cft__[0]=AZV1lkqeYkg5I9ebGaP_nIxzVDcynNyLfag8afnQTdo5Lf5DXlxr4DSc1PAokgtLFlAdbKHzpbebW5ho2jo20gqRstUo_dgASVy7N0xD6skJI3Cpw8GTp1Rs2AAsz6TGtxeZQVxQp56OUBdaW4YnxlBY2wGhWAI8Er5DajuaFPmhnvRNAww8JurKwVm5DX-69Tc&amp;__tn__=-]K-R\">Garage De CECCO<\/a> <a href=\"https:\/\/www.facebook.com\/Optique-Cedric-Jouve-168864983769279\/?__cft__[0]=AZV1lkqeYkg5I9ebGaP_nIxzVDcynNyLfag8afnQTdo5Lf5DXlxr4DSc1PAokgtLFlAdbKHzpbebW5ho2jo20gqRstUo_dgASVy7N0xD6skJI3Cpw8GTp1Rs2AAsz6TGtxeZQVxQp56OUBdaW4YnxlBY2wGhWAI8Er5DajuaFPmhnvRNAww8JurKwVm5DX-69Tc&amp;__tn__=kK-R\">Optique Cedric Jouve<\/a> <a href=\"https:\/\/www.facebook.com\/AltichronoEvent?__cft__[0]=AZV1lkqeYkg5I9ebGaP_nIxzVDcynNyLfag8afnQTdo5Lf5DXlxr4DSc1PAokgtLFlAdbKHzpbebW5ho2jo20gqRstUo_dgASVy7N0xD6skJI3Cpw8GTp1Rs2AAsz6TGtxeZQVxQp56OUBdaW4YnxlBY2wGhWAI8Er5DajuaFPmhnvRNAww8JurKwVm5DX-69Tc&amp;__tn__=-]K-R\">Altichrono<\/a> @SAS Mourgues Vieira <a href=\"https:\/\/www.facebook.com\/allianz.buisson.talansier?__cft__[0]=AZV1lkqeYkg5I9ebGaP_nIxzVDcynNyLfag8afnQTdo5Lf5DXlxr4DSc1PAokgtLFlAdbKHzpbebW5ho2jo20gqRstUo_dgASVy7N0xD6skJI3Cpw8GTp1Rs2AAsz6TGtxeZQVxQp56OUBdaW4YnxlBY2wGhWAI8Er5DajuaFPmhnvRNAww8JurKwVm5DX-69Tc&amp;__tn__=-]K-R\">Allianz M Buisson &amp; C Talansier &amp; A Turc<\/a> <a href=\"https:\/\/www.facebook.com\/lelozere?__cft__[0]=AZV1lkqeYkg5I9ebGaP_nIxzVDcynNyLfag8afnQTdo5Lf5DXlxr4DSc1PAokgtLFlAdbKHzpbebW5ho2jo20gqRstUo_dgASVy7N0xD6skJI3Cpw8GTp1Rs2AAsz6TGtxeZQVxQp56OUBdaW4YnxlBY2wGhWAI8Er5DajuaFPmhnvRNAww8JurKwVm5DX-69Tc&amp;__tn__=-]K-R\">LeLoz\u00e8re<\/a> <a href=\"https:\/\/www.facebook.com\/profile.php?id=100085666345315&amp;__cft__[0]=AZV1lkqeYkg5I9ebGaP_nIxzVDcynNyLfag8afnQTdo5Lf5DXlxr4DSc1PAokgtLFlAdbKHzpbebW5ho2jo20gqRstUo_dgASVy7N0xD6skJI3Cpw8GTp1Rs2AAsz6TGtxeZQVxQp56OUBdaW4YnxlBY2wGhWAI8Er5DajuaFPmhnvRNAww8JurKwVm5DX-69Tc&amp;__tn__=-]K-R\">Foyer de vie de Pierrefiche<\/a><\/p>\n\n\n\n<p><\/p>\n\n\n\n<p><strong><em>RESULTATS M <\/em><\/strong><\/p>\n\n\n\n<div data-wp-interactive=\"\" class=\"wp-block-file\"><object data-wp-bind--hidden=\"!selectors.core.file.hasPdfPreview\" hidden class=\"wp-block-file__embed\" data=\"https:\/\/www.triathlonlangognenaussac.fr\/wp-content\/uploads\/2023\/07\/resultats-distance-m-individuel.pdf\" type=\"application\/pdf\" style=\"width:100%;height:600px\" aria-label=\"Contenu embarqu\u00e9 resultats-distance-m-individuel.\"><\/object><a id=\"wp-block-file--media-fea23dda-bb70-42a9-845f-c8050c0d890f\" href=\"https:\/\/www.triathlonlangognenaussac.fr\/wp-content\/uploads\/2023\/07\/resultats-distance-m-individuel.pdf\">resultats-distance-m-individuel<\/a><a href=\"https:\/\/www.triathlonlangognenaussac.fr\/wp-content\/uploads\/2023\/07\/resultats-distance-m-individuel.pdf\" class=\"wp-block-file__button wp-element-button\" download aria-describedby=\"wp-block-file--media-fea23dda-bb70-42a9-845f-c8050c0d890f\">T\u00e9l\u00e9charger<\/a><\/div>\n\n\n\n<div data-wp-interactive=\"\" class=\"wp-block-file\"><object data-wp-bind--hidden=\"!selectors.core.file.hasPdfPreview\" hidden class=\"wp-block-file__embed\" data=\"https:\/\/www.triathlonlangognenaussac.fr\/wp-content\/uploads\/2023\/07\/resultats-distance-m-relais.pdf\" type=\"application\/pdf\" style=\"width:100%;height:600px\" aria-label=\"Contenu embarqu\u00e9 resultats-distance-m-relais.\"><\/object><a id=\"wp-block-file--media-0c9e3a24-fd65-4316-a480-2f0678d90821\" href=\"https:\/\/www.triathlonlangognenaussac.fr\/wp-content\/uploads\/2023\/07\/resultats-distance-m-relais.pdf\">resultats-distance-m-relais<\/a><a href=\"https:\/\/www.triathlonlangognenaussac.fr\/wp-content\/uploads\/2023\/07\/resultats-distance-m-relais.pdf\" class=\"wp-block-file__button wp-element-button\" download aria-describedby=\"wp-block-file--media-0c9e3a24-fd65-4316-a480-2f0678d90821\">T\u00e9l\u00e9charger<\/a><\/div>\n\n\n\n<p><\/p>\n\n\n\n<p><strong><em>RESULTATS S<\/em><\/strong><\/p>\n\n\n\n<div data-wp-interactive=\"\" class=\"wp-block-file\"><object data-wp-bind--hidden=\"!selectors.core.file.hasPdfPreview\" hidden class=\"wp-block-file__embed\" data=\"https:\/\/www.triathlonlangognenaussac.fr\/wp-content\/uploads\/2023\/07\/resultats-distance-s-individuel.pdf\" type=\"application\/pdf\" style=\"width:100%;height:600px\" aria-label=\"Contenu embarqu\u00e9 resultats-distance-s-individuel.\"><\/object><a id=\"wp-block-file--media-ee2163b9-7305-4575-9686-0bcea98d4657\" href=\"https:\/\/www.triathlonlangognenaussac.fr\/wp-content\/uploads\/2023\/07\/resultats-distance-s-individuel.pdf\">resultats-distance-s-individuel<\/a><a href=\"https:\/\/www.triathlonlangognenaussac.fr\/wp-content\/uploads\/2023\/07\/resultats-distance-s-individuel.pdf\" class=\"wp-block-file__button wp-element-button\" download aria-describedby=\"wp-block-file--media-ee2163b9-7305-4575-9686-0bcea98d4657\">T\u00e9l\u00e9charger<\/a><\/div>\n\n\n\n<div data-wp-interactive=\"\" class=\"wp-block-file\"><object data-wp-bind--hidden=\"!selectors.core.file.hasPdfPreview\" hidden class=\"wp-block-file__embed\" data=\"https:\/\/www.triathlonlangognenaussac.fr\/wp-content\/uploads\/2023\/07\/resultats-distance-s-relais.pdf\" type=\"application\/pdf\" style=\"width:100%;height:600px\" aria-label=\"Contenu embarqu\u00e9 resultats-distance-s-relais.\"><\/object><a id=\"wp-block-file--media-8049903f-d713-4ac2-93ce-2c12e79f5294\" href=\"https:\/\/www.triathlonlangognenaussac.fr\/wp-content\/uploads\/2023\/07\/resultats-distance-s-relais.pdf\">resultats-distance-s-relais<\/a><a href=\"https:\/\/www.triathlonlangognenaussac.fr\/wp-content\/uploads\/2023\/07\/resultats-distance-s-relais.pdf\" class=\"wp-block-file__button wp-element-button\" download aria-describedby=\"wp-block-file--media-8049903f-d713-4ac2-93ce-2c12e79f5294\">T\u00e9l\u00e9charger<\/a><\/div>\n\n\n\n<p><\/p>\n\n\n\n<p><strong><em>RESULTATS XS <\/em><\/strong><\/p>\n\n\n\n<div data-wp-interactive=\"\" class=\"wp-block-file\"><object data-wp-bind--hidden=\"!selectors.core.file.hasPdfPreview\" hidden class=\"wp-block-file__embed\" data=\"https:\/\/www.triathlonlangognenaussac.fr\/wp-content\/uploads\/2023\/07\/resultats-distance-xs-individuel.pdf\" type=\"application\/pdf\" style=\"width:100%;height:600px\" aria-label=\"Contenu embarqu\u00e9 resultats-distance-xs-individuel.\"><\/object><a id=\"wp-block-file--media-fd644a98-1b6c-4468-bc08-e1332f91ba26\" href=\"https:\/\/www.triathlonlangognenaussac.fr\/wp-content\/uploads\/2023\/07\/resultats-distance-xs-individuel.pdf\">resultats-distance-xs-individuel<\/a><a href=\"https:\/\/www.triathlonlangognenaussac.fr\/wp-content\/uploads\/2023\/07\/resultats-distance-xs-individuel.pdf\" class=\"wp-block-file__button wp-element-button\" download aria-describedby=\"wp-block-file--media-fd644a98-1b6c-4468-bc08-e1332f91ba26\">T\u00e9l\u00e9charger<\/a><\/div>\n\n\n\n<div data-wp-interactive=\"\" class=\"wp-block-file\"><object data-wp-bind--hidden=\"!selectors.core.file.hasPdfPreview\" hidden class=\"wp-block-file__embed\" data=\"https:\/\/www.triathlonlangognenaussac.fr\/wp-content\/uploads\/2023\/07\/resultats-distance-xs-relais.pdf\" type=\"application\/pdf\" style=\"width:100%;height:600px\" aria-label=\"Contenu embarqu\u00e9 resultats-distance-xs-relais.\"><\/object><a id=\"wp-block-file--media-f51037af-1678-4897-aa08-d214049ddf64\" href=\"https:\/\/www.triathlonlangognenaussac.fr\/wp-content\/uploads\/2023\/07\/resultats-distance-xs-relais.pdf\">resultats-distance-xs-relais<\/a><a href=\"https:\/\/www.triathlonlangognenaussac.fr\/wp-content\/uploads\/2023\/07\/resultats-distance-xs-relais.pdf\" class=\"wp-block-file__button wp-element-button\" download aria-describedby=\"wp-block-file--media-f51037af-1678-4897-aa08-d214049ddf64\">T\u00e9l\u00e9charger<\/a><\/div>\n","protected":false},"excerpt":{"rendered":"<p>Voil\u00e0 apr\u00e8s quelques jours de r\u00e9cup\u00e9ration et l&rsquo;arriv\u00e9e d&rsquo;un tout petit nouveau membre de l&rsquo;association, vous trouverez ci-joint les r\u00e9sultats de cette nouvelle \u00e9dition. Nous vous remercions encore pour votre participation et esp\u00e9rons vous retrouver encore plus nombreuses et nombreux d\u00e8s l&rsquo;ann\u00e9e prochain. Merci \u00e0 nos arbitres, \u00e0 nos b\u00e9n\u00e9voles et tous nos partenaires Val\u00e9rie&hellip;&nbsp;<a href=\"https:\/\/www.triathlonlangognenaussac.fr\/?page_id=2022\" class=\"\" rel=\"bookmark\">Lire la suite &raquo;<span class=\"screen-reader-text\">R\u00e9sultats 2023<\/span><\/a><\/p>\n","protected":false},"author":1,"featured_media":0,"parent":0,"menu_order":0,"comment_status":"closed","ping_status":"closed","template":"","meta":{"neve_meta_sidebar":"","neve_meta_container":"","neve_meta_enable_content_width":"","neve_meta_content_width":0,"neve_meta_title_alignment":"","neve_meta_author_avatar":"","neve_post_elements_order":"","neve_meta_disable_header":"","neve_meta_disable_footer":"","neve_meta_disable_title":"","_ti_tpc_template_sync":false,"_ti_tpc_template_id":"","footnotes":""},"_links":{"self":[{"href":"https:\/\/www.triathlonlangognenaussac.fr\/index.php?rest_route=\/wp\/v2\/pages\/2022"}],"collection":[{"href":"https:\/\/www.triathlonlangognenaussac.fr\/index.php?rest_route=\/wp\/v2\/pages"}],"about":[{"href":"https:\/\/www.triathlonlangognenaussac.fr\/index.php?rest_route=\/wp\/v2\/types\/page"}],"author":[{"embeddable":true,"href":"https:\/\/www.triathlonlangognenaussac.fr\/index.php?rest_route=\/wp\/v2\/users\/1"}],"replies":[{"embeddable":true,"href":"https:\/\/www.triathlonlangognenaussac.fr\/index.php?rest_route=%2Fwp%2Fv2%2Fcomments&post=2022"}],"version-history":[{"count":1,"href":"https:\/\/www.triathlonlangognenaussac.fr\/index.php?rest_route=\/wp\/v2\/pages\/2022\/revisions"}],"predecessor-version":[{"id":2029,"href":"https:\/\/www.triathlonlangognenaussac.fr\/index.php?rest_route=\/wp\/v2\/pages\/2022\/revisions\/2029"}],"wp:attachment":[{"href":"https:\/\/www.triathlonlangognenaussac.fr\/index.php?rest_route=%2Fwp%2Fv2%2Fmedia&parent=2022"}],"curies":[{"name":"wp","href":"https:\/\/api.w.org\/{rel}","templated":true}]}}